{"id":16,"date":"2021-12-01T13:12:18","date_gmt":"2021-12-01T13:12:18","guid":{"rendered":"https:\/\/fecht-hut.de\/wordpress\/?page_id=16"},"modified":"2025-09-06T09:48:21","modified_gmt":"2025-09-06T09:48:21","slug":"langes-schwert","status":"publish","type":"page","link":"https:\/\/fecht-hut.de\/?page_id=16","title":{"rendered":"Langes Schwert"},"content":{"rendered":"\n<h3 class=\"wp-block-heading\"><mark style=\"background-color:rgba(0, 0, 0, 0)\" class=\"has-inline-color has-luminous-vivid-amber-color\"><strong>Das lange Schwert&nbsp;ist die beste Waffe<\/strong>.<\/mark><\/h3>\n\n\n\n<p><\/p>\n\n\n\n<p class=\"has-medium-font-size\"><br><mark style=\"background-color:rgba(0, 0, 0, 0)\" class=\"has-inline-color has-luminous-vivid-amber-color\">Es ist n\u00e4mlich auch die Waffe der Mythen und M\u00e4rchen.  <\/mark><br><mark style=\"background-color:rgba(0, 0, 0, 0)\" class=\"has-inline-color has-luminous-vivid-amber-color\">Keine andere soll so viel und so wenig gekonnt haben. <\/mark><br><mark style=\"background-color:rgba(0, 0, 0, 0)\" class=\"has-inline-color has-luminous-vivid-amber-color\">Keine soll so verzaubert und gleichzeitig plump sein. <\/mark><br><mark style=\"background-color:rgba(0, 0, 0, 0)\" class=\"has-inline-color has-luminous-vivid-amber-color\">Nur Helden konnten sie f\u00fchren, alle anderen brachen darunter zusammen. <\/mark><br><\/p>\n\n\n\n<p class=\"has-medium-font-size\"><mark style=\"background-color:rgba(0, 0, 0, 0)\" class=\"has-inline-color has-luminous-vivid-amber-color\">Ein kleiner Kommafehler machte es m\u00f6glich. Kommas sind ja nie gro\u00df. <\/mark><br><mark style=\"background-color:rgba(0, 0, 0, 0)\" class=\"has-inline-color has-luminous-vivid-amber-color\">Jedenfalls wegen dieses kleinen Kommas wog sie dann auf einmal 15 kg.  <\/mark><br><mark style=\"background-color:rgba(0, 0, 0, 0)\" class=\"has-inline-color has-luminous-vivid-amber-color\">Nur noch wild gewordene Teutonen konnten diese Sagenschwerter dann schwingen. <\/mark><br><\/p>\n\n\n\n<p class=\"has-medium-font-size\"><mark style=\"background-color:rgba(0, 0, 0, 0)\" class=\"has-inline-color has-luminous-vivid-amber-color\">Echte Schwerter wogen meist nur ein-einhalb Kilogramm&nbsp; und k\u00f6nnen von Menschen gef\u00fchrt werden. <\/mark><br><mark style=\"background-color:rgba(0, 0, 0, 0)\" class=\"has-inline-color has-luminous-vivid-amber-color\">Man f\u00fchrt diese langen Schwerter \u00fcbrigens mit zwei H\u00e4nden und muss dazu kein Nibelunge sein. <\/mark><br><br><mark style=\"background-color:rgba(0, 0, 0, 0)\" class=\"has-inline-color has-luminous-vivid-amber-color\">  <\/mark><img loading=\"lazy\" decoding=\"async\" width=\"350\" height=\"263\" class=\"wp-image-77\" style=\"width: 350px;\" src=\"http:\/\/fecht-hut.de\/wordpress\/wp-content\/uploads\/2021\/12\/DSCF4010-scaled.jpg\" alt=\"\" srcset=\"https:\/\/fecht-hut.de\/wordpress\/wp-content\/uploads\/2021\/12\/DSCF4010-scaled.jpg 2560w, https:\/\/fecht-hut.de\/wordpress\/wp-content\/uploads\/2021\/12\/DSCF4010-300x225.jpg 300w, https:\/\/fecht-hut.de\/wordpress\/wp-content\/uploads\/2021\/12\/DSCF4010-1024x768.jpg 1024w, https:\/\/fecht-hut.de\/wordpress\/wp-content\/uploads\/2021\/12\/DSCF4010-768x576.jpg 768w, https:\/\/fecht-hut.de\/wordpress\/wp-content\/uploads\/2021\/12\/DSCF4010-1536x1152.jpg 1536w, https:\/\/fecht-hut.de\/wordpress\/wp-content\/uploads\/2021\/12\/DSCF4010-2048x1536.jpg 2048w\" sizes=\"auto, (max-width: 350px) 100vw, 350px\" \/><mark style=\"background-color:rgba(0, 0, 0, 0)\" class=\"has-inline-color has-luminous-vivid-amber-color\"><br>Von der Spitze <\/mark><\/p>\n\n\n\n<p class=\"has-medium-font-size\"><img loading=\"lazy\" decoding=\"async\" width=\"350\" height=\"263\" class=\"wp-image-483\" style=\"width: 350px;\" src=\"https:\/\/fecht-hut.de\/wordpress\/wp-content\/uploads\/2022\/09\/Knaufstoss-langes-Schwert-scaled.jpg\" alt=\"\" srcset=\"https:\/\/fecht-hut.de\/wordpress\/wp-content\/uploads\/2022\/09\/Knaufstoss-langes-Schwert-scaled.jpg 2560w, https:\/\/fecht-hut.de\/wordpress\/wp-content\/uploads\/2022\/09\/Knaufstoss-langes-Schwert-300x225.jpg 300w, https:\/\/fecht-hut.de\/wordpress\/wp-content\/uploads\/2022\/09\/Knaufstoss-langes-Schwert-1024x768.jpg 1024w, https:\/\/fecht-hut.de\/wordpress\/wp-content\/uploads\/2022\/09\/Knaufstoss-langes-Schwert-768x576.jpg 768w, https:\/\/fecht-hut.de\/wordpress\/wp-content\/uploads\/2022\/09\/Knaufstoss-langes-Schwert-1536x1152.jpg 1536w, https:\/\/fecht-hut.de\/wordpress\/wp-content\/uploads\/2022\/09\/Knaufstoss-langes-Schwert-2048x1536.jpg 2048w\" sizes=\"auto, (max-width: 350px) 100vw, 350px\" \/> <mark style=\"background-color:rgba(0, 0, 0, 0)\" class=\"has-inline-color has-luminous-vivid-amber-color\">bis zum Knauf, <\/mark><br><mark style=\"background-color:rgba(0, 0, 0, 0)\" class=\"has-inline-color has-luminous-vivid-amber-color\">war nichts umsonst oder nur zur Zierde angebracht, alles war funktionell.  <\/mark><br><mark style=\"background-color:rgba(0, 0, 0, 0)\" class=\"has-inline-color has-luminous-vivid-amber-color\">Denn am langen Schwert benutzt man einfach alles, was dran ist,<\/mark><\/p>\n\n\n\n<p class=\"has-luminous-vivid-amber-color has-text-color has-medium-font-size\"><img loading=\"lazy\" decoding=\"async\" width=\"250\" height=\"333\" class=\"wp-image-484\" style=\"width: 250px;\" src=\"https:\/\/fecht-hut.de\/wordpress\/wp-content\/uploads\/2022\/09\/schnappen-mit-langem-Schwert-scaled.jpg\" alt=\"\" srcset=\"https:\/\/fecht-hut.de\/wordpress\/wp-content\/uploads\/2022\/09\/schnappen-mit-langem-Schwert-scaled.jpg 1920w, https:\/\/fecht-hut.de\/wordpress\/wp-content\/uploads\/2022\/09\/schnappen-mit-langem-Schwert-225x300.jpg 225w, https:\/\/fecht-hut.de\/wordpress\/wp-content\/uploads\/2022\/09\/schnappen-mit-langem-Schwert-768x1024.jpg 768w, https:\/\/fecht-hut.de\/wordpress\/wp-content\/uploads\/2022\/09\/schnappen-mit-langem-Schwert-1152x1536.jpg 1152w, https:\/\/fecht-hut.de\/wordpress\/wp-content\/uploads\/2022\/09\/schnappen-mit-langem-Schwert-1536x2048.jpg 1536w\" sizes=\"auto, (max-width: 250px) 100vw, 250px\" \/> um den Gegner zu schnappen<mark style=\"background-color:rgba(0, 0, 0, 0)\" class=\"has-inline-color has-luminous-vivid-amber-color\">. <\/mark><br><\/p>\n\n\n\n<h3 class=\"wp-block-heading has-luminous-vivid-amber-color has-text-color\"><mark style=\"background-color:rgba(0, 0, 0, 0)\" class=\"has-inline-color has-luminous-vivid-amber-color\"><strong>Da taucht er wieder auf der Name<\/strong><\/mark><\/h3>\n\n\n\n<p><\/p>\n\n\n\n<p class=\"has-luminous-vivid-amber-color has-text-color has-medium-font-size\"><br>Denn die oben gezeigten <mark style=\"background-color:rgba(0, 0, 0, 0)\" class=\"has-inline-color has-luminous-vivid-amber-color\">Kombinationen und Techniken gehen auf diesen Meister  aus dem 14. Jahrhundert zur\u00fcck, mit dem keiner gerechnet hatte. <\/mark><br><mark style=\"background-color:rgba(0, 0, 0, 0)\" class=\"has-inline-color has-luminous-vivid-amber-color\">Er hat diese Techniken in verschiedenen L\u00e4ndern gesammelt, zu einem Ganzen zusammengefasst und in kaum verst\u00e4ndlichen Reimen festgehalten. <\/mark><br><mark style=\"background-color:rgba(0, 0, 0, 0)\" class=\"has-inline-color has-luminous-vivid-amber-color\">Seine Sch\u00fcler wollten das Wissen offensichtlich weder reimen noch unverst\u00e4ndlich sein und schrieben flei\u00dfig erkl\u00e4rende Glossen. <\/mark><\/p>\n\n\n\n<p class=\"has-medium-font-size\"><mark style=\"background-color:rgba(0, 0, 0, 0)\" class=\"has-inline-color has-luminous-vivid-amber-color\">Deswegen tauchten im 15. Jahrhundert gleich mehrere Manuskripte von verschiedenen Autoren auf.<\/mark><br><mark style=\"background-color:rgba(0, 0, 0, 0)\" class=\"has-inline-color has-luminous-vivid-amber-color\">Alle bezogen sich auf diesen <strong>Johannes Liechtenauer<\/strong>. <\/mark><br><mark style=\"background-color:rgba(0, 0, 0, 0)\" class=\"has-inline-color has-luminous-vivid-amber-color\">Also  unterrichtet Fecht-Hut das lange Schwert nach seinen Techniken (weil es ja die beste Waffe ist), und <\/mark><br><mark style=\"background-color:rgba(0, 0, 0, 0)\" class=\"has-inline-color has-luminous-vivid-amber-color\">weil es auch mal gegen die andere beste Waffe geht&#8211;&gt;  <a href=\"https:\/\/fecht-hut.de\/?page_id=17\" target=\"_blank\" rel=\"noreferrer noopener\">Das lange Messer<\/a><br><\/mark><br><mark style=\"background-color:rgba(0, 0, 0, 0)\" class=\"has-inline-color has-luminous-vivid-amber-color\"><br>Aber keine Bange,<\/mark><\/p>\n\n\n\n<p class=\"has-medium-font-size\"><br><mark style=\"background-color:rgba(0, 0, 0, 0)\" class=\"has-inline-color has-luminous-vivid-amber-color\">Sie m\u00fcssen aber Liechtenauers Reime nicht lernen. <\/mark><br><mark style=\"background-color:rgba(0, 0, 0, 0)\" class=\"has-inline-color has-luminous-vivid-amber-color\">Sein System mit dem langen Schwert zu fechten f\u00fcllt den Abend auch so. <\/mark><br><mark style=\"background-color:rgba(0, 0, 0, 0)\" class=\"has-inline-color has-luminous-vivid-amber-color\">Denn kaum kann man die eine, da lockt schon die n\u00e4chste Technik und wenn man die erst noch kombiniert&#8230;<br>Also lassen Sie sich \u00fcberraschen, was man mit diesem langen Schwert so alles machen kann. <\/mark><br><mark style=\"background-color:rgba(0, 0, 0, 0)\" class=\"has-inline-color has-luminous-vivid-amber-color\">Auch hier gibt es ein paar Seiten mehr zu lesen. Allerdings nur in modernem Deutsch.<\/mark><br><br> <img loading=\"lazy\" decoding=\"async\" width=\"150\" height=\"225\" class=\"wp-image-845\" style=\"width: 150px;\" src=\"https:\/\/fecht-hut.de\/wordpress\/wp-content\/uploads\/2023\/04\/langes-Schwert-System-der-Klingen-7.jpg\" alt=\"\" srcset=\"https:\/\/fecht-hut.de\/wordpress\/wp-content\/uploads\/2023\/04\/langes-Schwert-System-der-Klingen-7.jpg 333w, https:\/\/fecht-hut.de\/wordpress\/wp-content\/uploads\/2023\/04\/langes-Schwert-System-der-Klingen-7-200x300.jpg 200w\" sizes=\"auto, (max-width: 150px) 100vw, 150px\" \/> <img loading=\"lazy\" decoding=\"async\" width=\"150\" height=\"225\" class=\"wp-image-844\" style=\"width: 150px;\" src=\"https:\/\/fecht-hut.de\/wordpress\/wp-content\/uploads\/2023\/04\/langes-Schwert-nach-Liechtenauer.jpg\" alt=\"\" srcset=\"https:\/\/fecht-hut.de\/wordpress\/wp-content\/uploads\/2023\/04\/langes-Schwert-nach-Liechtenauer.jpg 333w, https:\/\/fecht-hut.de\/wordpress\/wp-content\/uploads\/2023\/04\/langes-Schwert-nach-Liechtenauer-200x300.jpg 200w\" sizes=\"auto, (max-width: 150px) 100vw, 150px\" \/><\/p>\n\n\n\n<p><\/p>\n","protected":false},"excerpt":{"rendered":"<p>Das lange Schwert&nbsp;ist die beste Waffe. Es ist n\u00e4mlich auch die Waffe der Mythen und M\u00e4rchen. Keine andere soll so viel und so wenig gekonnt haben. Keine soll so verzaubert und gleichzeitig plump sein. Nur Helden konnten sie f\u00fchren, alle anderen brachen darunter zusammen. Ein kleiner Kommafehler machte es m\u00f6glich. Kommas sind ja nie gro\u00df&#8230;. <\/p>\n<div class=\"read-more navbutton\"><a href=\"https:\/\/fecht-hut.de\/?page_id=16\">Read More<i class=\"fa fa-angle-double-right\"><\/i><\/a><\/div>\n","protected":false},"author":1,"featured_media":0,"parent":0,"menu_order":0,"comment_status":"closed","ping_status":"closed","template":"","meta":{"footnotes":""},"class_list":["post-16","page","type-page","status-publish","hentry"],"yoast_head":"<!-- This site is optimized with the Yoast SEO plugin v27.5 - https:\/\/yoast.com\/product\/yoast-seo-wordpress\/ -->\n<title>Langes Schwert - Fecht-Hut Das lange Schwert ist die beste Waffe<\/title>\n<meta name=\"description\" content=\"Das lange Schwert ist die beste Waffe und wird, wie es bei in den Schriften Sigmund Ringecks beschrieben bei Fecht-Hut trainiert.\" \/>\n<meta name=\"robots\" content=\"index, follow, max-snippet:-1, max-image-preview:large, max-video-preview:-1\" \/>\n<link rel=\"canonical\" href=\"https:\/\/fecht-hut.de\/?page_id=16\" \/>\n<meta property=\"og:locale\" content=\"de_DE\" \/>\n<meta property=\"og:type\" content=\"article\" \/>\n<meta property=\"og:title\" content=\"Langes Schwert - Fecht-Hut Das lange Schwert ist die beste Waffe\" \/>\n<meta property=\"og:description\" content=\"Das lange Schwert ist die beste Waffe und wird, wie es bei in den Schriften Sigmund Ringecks beschrieben bei Fecht-Hut trainiert.\" \/>\n<meta property=\"og:url\" content=\"https:\/\/fecht-hut.de\/?page_id=16\" \/>\n<meta property=\"og:site_name\" content=\"Fecht-Hut\" \/>\n<meta property=\"article:modified_time\" content=\"2025-09-06T09:48:21+00:00\" \/>\n<meta property=\"og:image\" content=\"https:\/\/fecht-hut.de\/wordpress\/wp-content\/uploads\/2021\/12\/DSCF4010-scaled.jpg\" \/>\n\t<meta property=\"og:image:width\" content=\"2560\" \/>\n\t<meta property=\"og:image:height\" content=\"1920\" \/>\n\t<meta property=\"og:image:type\" content=\"image\/jpeg\" \/>\n<meta name=\"twitter:card\" content=\"summary_large_image\" \/>\n<meta name=\"twitter:label1\" content=\"Gesch\u00e4tzte Lesezeit\" \/>\n\t<meta name=\"twitter:data1\" content=\"3\u00a0Minuten\" \/>\n<script type=\"application\/ld+json\" class=\"yoast-schema-graph\">{\"@context\":\"https:\\\/\\\/schema.org\",\"@graph\":[{\"@type\":\"WebPage\",\"@id\":\"https:\\\/\\\/fecht-hut.de\\\/?page_id=16\",\"url\":\"https:\\\/\\\/fecht-hut.de\\\/?page_id=16\",\"name\":\"Langes Schwert - Fecht-Hut Das lange Schwert ist die beste Waffe\",\"isPartOf\":{\"@id\":\"https:\\\/\\\/fecht-hut.de\\\/#website\"},\"primaryImageOfPage\":{\"@id\":\"https:\\\/\\\/fecht-hut.de\\\/?page_id=16#primaryimage\"},\"image\":{\"@id\":\"https:\\\/\\\/fecht-hut.de\\\/?page_id=16#primaryimage\"},\"thumbnailUrl\":\"http:\\\/\\\/fecht-hut.de\\\/wordpress\\\/wp-content\\\/uploads\\\/2021\\\/12\\\/DSCF4010-scaled.jpg\",\"datePublished\":\"2021-12-01T13:12:18+00:00\",\"dateModified\":\"2025-09-06T09:48:21+00:00\",\"description\":\"Das lange Schwert ist die beste Waffe und wird, wie es bei in den Schriften Sigmund Ringecks beschrieben bei Fecht-Hut trainiert.\",\"breadcrumb\":{\"@id\":\"https:\\\/\\\/fecht-hut.de\\\/?page_id=16#breadcrumb\"},\"inLanguage\":\"de\",\"potentialAction\":[{\"@type\":\"ReadAction\",\"target\":[\"https:\\\/\\\/fecht-hut.de\\\/?page_id=16\"]}]},{\"@type\":\"ImageObject\",\"inLanguage\":\"de\",\"@id\":\"https:\\\/\\\/fecht-hut.de\\\/?page_id=16#primaryimage\",\"url\":\"http:\\\/\\\/fecht-hut.de\\\/wordpress\\\/wp-content\\\/uploads\\\/2021\\\/12\\\/DSCF4010-scaled.jpg\",\"contentUrl\":\"http:\\\/\\\/fecht-hut.de\\\/wordpress\\\/wp-content\\\/uploads\\\/2021\\\/12\\\/DSCF4010-scaled.jpg\"},{\"@type\":\"BreadcrumbList\",\"@id\":\"https:\\\/\\\/fecht-hut.de\\\/?page_id=16#breadcrumb\",\"itemListElement\":[{\"@type\":\"ListItem\",\"position\":1,\"name\":\"Startseite\",\"item\":\"https:\\\/\\\/fecht-hut.de\\\/\"},{\"@type\":\"ListItem\",\"position\":2,\"name\":\"Langes Schwert\"}]},{\"@type\":\"WebSite\",\"@id\":\"https:\\\/\\\/fecht-hut.de\\\/#website\",\"url\":\"https:\\\/\\\/fecht-hut.de\\\/\",\"name\":\"Fecht-Hut\",\"description\":\"\",\"potentialAction\":[{\"@type\":\"SearchAction\",\"target\":{\"@type\":\"EntryPoint\",\"urlTemplate\":\"https:\\\/\\\/fecht-hut.de\\\/?s={search_term_string}\"},\"query-input\":{\"@type\":\"PropertyValueSpecification\",\"valueRequired\":true,\"valueName\":\"search_term_string\"}}],\"inLanguage\":\"de\"}]}<\/script>\n<!-- \/ Yoast SEO plugin. -->","yoast_head_json":{"title":"Langes Schwert - Fecht-Hut Das lange Schwert ist die beste Waffe","description":"Das lange Schwert ist die beste Waffe und wird, wie es bei in den Schriften Sigmund Ringecks beschrieben bei Fecht-Hut trainiert.","robots":{"index":"index","follow":"follow","max-snippet":"max-snippet:-1","max-image-preview":"max-image-preview:large","max-video-preview":"max-video-preview:-1"},"canonical":"https:\/\/fecht-hut.de\/?page_id=16","og_locale":"de_DE","og_type":"article","og_title":"Langes Schwert - Fecht-Hut Das lange Schwert ist die beste Waffe","og_description":"Das lange Schwert ist die beste Waffe und wird, wie es bei in den Schriften Sigmund Ringecks beschrieben bei Fecht-Hut trainiert.","og_url":"https:\/\/fecht-hut.de\/?page_id=16","og_site_name":"Fecht-Hut","article_modified_time":"2025-09-06T09:48:21+00:00","og_image":[{"width":2560,"height":1920,"url":"https:\/\/fecht-hut.de\/wordpress\/wp-content\/uploads\/2021\/12\/DSCF4010-scaled.jpg","type":"image\/jpeg"}],"twitter_card":"summary_large_image","twitter_misc":{"Gesch\u00e4tzte Lesezeit":"3\u00a0Minuten"},"schema":{"@context":"https:\/\/schema.org","@graph":[{"@type":"WebPage","@id":"https:\/\/fecht-hut.de\/?page_id=16","url":"https:\/\/fecht-hut.de\/?page_id=16","name":"Langes Schwert - Fecht-Hut Das lange Schwert ist die beste Waffe","isPartOf":{"@id":"https:\/\/fecht-hut.de\/#website"},"primaryImageOfPage":{"@id":"https:\/\/fecht-hut.de\/?page_id=16#primaryimage"},"image":{"@id":"https:\/\/fecht-hut.de\/?page_id=16#primaryimage"},"thumbnailUrl":"http:\/\/fecht-hut.de\/wordpress\/wp-content\/uploads\/2021\/12\/DSCF4010-scaled.jpg","datePublished":"2021-12-01T13:12:18+00:00","dateModified":"2025-09-06T09:48:21+00:00","description":"Das lange Schwert ist die beste Waffe und wird, wie es bei in den Schriften Sigmund Ringecks beschrieben bei Fecht-Hut trainiert.","breadcrumb":{"@id":"https:\/\/fecht-hut.de\/?page_id=16#breadcrumb"},"inLanguage":"de","potentialAction":[{"@type":"ReadAction","target":["https:\/\/fecht-hut.de\/?page_id=16"]}]},{"@type":"ImageObject","inLanguage":"de","@id":"https:\/\/fecht-hut.de\/?page_id=16#primaryimage","url":"http:\/\/fecht-hut.de\/wordpress\/wp-content\/uploads\/2021\/12\/DSCF4010-scaled.jpg","contentUrl":"http:\/\/fecht-hut.de\/wordpress\/wp-content\/uploads\/2021\/12\/DSCF4010-scaled.jpg"},{"@type":"BreadcrumbList","@id":"https:\/\/fecht-hut.de\/?page_id=16#breadcrumb","itemListElement":[{"@type":"ListItem","position":1,"name":"Startseite","item":"https:\/\/fecht-hut.de\/"},{"@type":"ListItem","position":2,"name":"Langes Schwert"}]},{"@type":"WebSite","@id":"https:\/\/fecht-hut.de\/#website","url":"https:\/\/fecht-hut.de\/","name":"Fecht-Hut","description":"","potentialAction":[{"@type":"SearchAction","target":{"@type":"EntryPoint","urlTemplate":"https:\/\/fecht-hut.de\/?s={search_term_string}"},"query-input":{"@type":"PropertyValueSpecification","valueRequired":true,"valueName":"search_term_string"}}],"inLanguage":"de"}]}},"_links":{"self":[{"href":"https:\/\/fecht-hut.de\/index.php?rest_route=\/wp\/v2\/pages\/16","targetHints":{"allow":["GET"]}}],"collection":[{"href":"https:\/\/fecht-hut.de\/index.php?rest_route=\/wp\/v2\/pages"}],"about":[{"href":"https:\/\/fecht-hut.de\/index.php?rest_route=\/wp\/v2\/types\/page"}],"author":[{"embeddable":true,"href":"https:\/\/fecht-hut.de\/index.php?rest_route=\/wp\/v2\/users\/1"}],"replies":[{"embeddable":true,"href":"https:\/\/fecht-hut.de\/index.php?rest_route=%2Fwp%2Fv2%2Fcomments&post=16"}],"version-history":[{"count":20,"href":"https:\/\/fecht-hut.de\/index.php?rest_route=\/wp\/v2\/pages\/16\/revisions"}],"predecessor-version":[{"id":1323,"href":"https:\/\/fecht-hut.de\/index.php?rest_route=\/wp\/v2\/pages\/16\/revisions\/1323"}],"wp:attachment":[{"href":"https:\/\/fecht-hut.de\/index.php?rest_route=%2Fwp%2Fv2%2Fmedia&parent=16"}],"curies":[{"name":"wp","href":"https:\/\/api.w.org\/{rel}","templated":true}]}}